{"id":765,"date":"2023-12-13T19:18:14","date_gmt":"2023-12-13T19:18:14","guid":{"rendered":"https:\/\/liefdevolafstemmen.nl\/?page_id=765"},"modified":"2024-03-15T18:09:29","modified_gmt":"2024-03-15T18:09:29","slug":"luisterkind-in-de-zorg-voor-mensen-met-dementie","status":"publish","type":"page","link":"https:\/\/liefdevolafstemmen.nl\/index.php\/luisterkind-in-de-zorg-voor-mensen-met-dementie\/","title":{"rendered":"Luisterkind in de zorg voor mensen met dementie"},"content":{"rendered":"\n<div class=\"wp-block-columns is-layout-flex wp-container-core-columns-is-layout-9d6595d7 wp-block-columns-is-layout-flex\">\n<div class=\"wp-block-column has-background is-layout-flow wp-block-column-is-layout-flow\" style=\"background:linear-gradient(260deg,rgb(202,248,128) 0%,rgb(113,206,126) 100%)\">\n<div class=\"wp-block-columns is-layout-flex wp-container-core-columns-is-layout-9d6595d7 wp-block-columns-is-layout-flex\">\n<div class=\"wp-block-column has-background is-layout-flow wp-block-column-is-layout-flow\" style=\"background:linear-gradient(260deg,rgb(202,248,128) 0%,rgb(113,206,126) 100%)\"><\/div>\n<\/div>\n<\/div>\n<\/div>\n\n\n\n<h1 class=\"wp-block-heading has-text-align-center\">Luisterkind in de zorg voor mensen met dementie<\/h1>\n\n\n\n<div style=\"height:50px\" aria-hidden=\"true\" class=\"wp-block-spacer\"><\/div>\n\n\n\n<div class=\"wp-block-columns is-layout-flex wp-container-core-columns-is-layout-9d6595d7 wp-block-columns-is-layout-flex\">\n<div class=\"wp-block-column is-layout-flow wp-block-column-is-layout-flow\">\n<div class=\"wp-block-columns is-layout-flex wp-container-core-columns-is-layout-9d6595d7 wp-block-columns-is-layout-flex\">\n<div class=\"wp-block-column is-layout-flow wp-block-column-is-layout-flow\"><div class=\"wp-block-image\">\n<figure class=\"aligncenter size-full\"><img decoding=\"async\" width=\"204\" height=\"192\" src=\"https:\/\/liefdevolafstemmen.nl\/wp-content\/uploads\/2023\/12\/download-logo-sensire.png\" alt=\"\" class=\"wp-image-769\"\/><\/figure>\n<\/div>\n\n<div class=\"wp-block-image\">\n<figure class=\"aligncenter size-large is-resized\"><img fetchpriority=\"high\" decoding=\"async\" width=\"772\" height=\"1024\" src=\"https:\/\/liefdevolafstemmen.nl\/wp-content\/uploads\/2024\/03\/20220313_1613090-scaled-1-772x1024.jpg\" alt=\"\" class=\"wp-image-829\" style=\"width:264px;height:auto\" srcset=\"https:\/\/liefdevolafstemmen.nl\/wp-content\/uploads\/2024\/03\/20220313_1613090-scaled-1-772x1024.jpg 772w, https:\/\/liefdevolafstemmen.nl\/wp-content\/uploads\/2024\/03\/20220313_1613090-scaled-1-226x300.jpg 226w, https:\/\/liefdevolafstemmen.nl\/wp-content\/uploads\/2024\/03\/20220313_1613090-scaled-1-768x1019.jpg 768w, https:\/\/liefdevolafstemmen.nl\/wp-content\/uploads\/2024\/03\/20220313_1613090-scaled-1-1158x1536.jpg 1158w, https:\/\/liefdevolafstemmen.nl\/wp-content\/uploads\/2024\/03\/20220313_1613090-scaled-1.jpg 1305w\" sizes=\"(max-width: 772px) 100vw, 772px\" \/><\/figure>\n<\/div><\/div>\n\n\n\n<div class=\"wp-block-column is-layout-flow wp-block-column-is-layout-flow\">\n<p>Ik ben werkzaam als casemanager dementie voor Sensire (zorgorganisatie in Oost-Gelderland).<\/p>\n\n\n\n<p>Sensire heeft officieel akkoord gegeven, na een pilot van \u00e9\u00e9n jaar, om Luisterkind als onderdeel van de complementaire zorg in te zetten. Er zijn dan geen kosten verbonden aan de afstemming.<\/p>\n\n\n\n<p>Hoe gaat het in zijn werk:<\/p>\n\n\n\n<ol class=\"wp-block-list\">\n<li>Het aanvragen van een Luisterkind afstemming kan alleen binnen Sensire voor cli\u00ebnten met dementie in de extramurale zorg waarbij casemanagement ge\u00efndiceerd is.<\/li>\n\n\n\n<li>Een aanvraag voor een Luisterkind afstemming voor iemand met dementie kan aangemeld worden via de website <a href=\"https:\/\/liefdevolafstemmen.nl\/index.php\/kosten-en-contact\/\">www.liefdevolafstemmen.nl\/contactformulier<\/a>.<br>meld hierbij dat uw naasten casemanagement dementie ontvangt van Sensire. De persoon zelf of de partner moet hiervoor wel toestemming hebben gegeven.<\/li>\n\n\n\n<li>Hiervoor nodig is:\n<ul class=\"wp-block-list\">\n<li>foto waar de client alleen op staat<\/li>\n\n\n\n<li>voornaam en achternaam <\/li>\n\n\n\n<li>Emailadres<\/li>\n\n\n\n<li>geboortedatum<\/li>\n\n\n\n<li>gezinssituatie (alleenstaand, kinderen e.d.)<\/li>\n\n\n\n<li>de vragen die er zijn<\/li>\n<\/ul>\n<\/li>\n\n\n\n<li>Aan de hand van een foto en de vragen ga ik binnen twee weken een Luisterkind afstemming schrijven. Dit gebeurt op afstand.<\/li>\n\n\n\n<li>Ik stuur aansluitend de afstemming via de e-mail of per post op naar de partner. Deze inhoud is echt priv\u00e9 en mag niet gedeeld worden met derden\/ zorgverleners.<\/li>\n\n\n\n<li>De tijd die nodig is geweest om de afstemming te schrijven zullen \u00e9\u00e9nmalig gedeclareerd worden op de cli\u00ebnt.<\/li>\n<\/ol>\n<\/div>\n<\/div>\n<\/div>\n<\/div>\n\n\n\n<div class=\"wp-block-columns is-layout-flex wp-container-core-columns-is-layout-9d6595d7 wp-block-columns-is-layout-flex\">\n<div class=\"wp-block-column is-layout-flow wp-block-column-is-layout-flow\">\n<div class=\"wp-block-columns is-layout-flex wp-container-core-columns-is-layout-9d6595d7 wp-block-columns-is-layout-flex\">\n<div class=\"wp-block-column has-background is-layout-flow wp-block-column-is-layout-flow\" style=\"background:linear-gradient(260deg,rgb(202,248,128) 0%,rgb(113,206,126) 100%)\">\n<div class=\"wp-block-columns is-layout-flex wp-container-core-columns-is-layout-9d6595d7 wp-block-columns-is-layout-flex\">\n<div class=\"wp-block-column is-layout-flow wp-block-column-is-layout-flow\"><\/div>\n<\/div>\n<\/div>\n<\/div>\n<\/div>\n<\/div>\n","protected":false},"excerpt":{"rendered":"<p>Luisterkind in de zorg voor mensen met dementie Ik ben werkzaam als casemanager dementie voor Sensire (zorgorganisatie in Oost-Gelderland). Sensire heeft officieel akkoord gegeven, na een pilot van \u00e9\u00e9n jaar, om Luisterkind als onderdeel van de complementaire zorg in te zetten. Er zijn dan geen kosten verbonden aan de afstemming. Hoe gaat het in zijn werk:<\/p>\n","protected":false},"author":1,"featured_media":0,"parent":0,"menu_order":0,"comment_status":"closed","ping_status":"closed","template":"page-templates\/full-width.php","meta":{"footnotes":""},"class_list":["post-765","page","type-page","status-publish","hentry"],"yoast_head":"<title>Luisterkind in de zorg voor mensen met dementie - Liefdevolafstemmen<\/title>\n<meta name=\"description\" content=\"Luisterkindwerker voor mensen met dementie\" \/>\n<meta name=\"robots\" content=\"index, follow, max-snippet:-1, max-image-preview:large, max-video-preview:-1\" \/>\n<link rel=\"canonical\" href=\"https:\/\/liefdevolafstemmen.nl\/index.php\/luisterkind-in-de-zorg-voor-mensen-met-dementie\/\" \/>\n<meta property=\"og:locale\" content=\"nl_NL\" \/>\n<meta property=\"og:type\" content=\"article\" \/>\n<meta property=\"og:title\" content=\"Luisterkind in de zorg voor mensen met dementie - Liefdevolafstemmen\" \/>\n<meta property=\"og:description\" content=\"Luisterkindwerker voor mensen met dementie\" \/>\n<meta property=\"og:url\" content=\"https:\/\/liefdevolafstemmen.nl\/index.php\/luisterkind-in-de-zorg-voor-mensen-met-dementie\/\" \/>\n<meta property=\"og:site_name\" content=\"Liefdevolafstemmen\" \/>\n<meta property=\"article:modified_time\" content=\"2024-03-15T18:09:29+00:00\" \/>\n<meta property=\"og:image\" content=\"https:\/\/liefdevolafstemmen.nl\/wp-content\/uploads\/2023\/12\/download-logo-sensire.png\" \/>\n<meta name=\"twitter:card\" content=\"summary_large_image\" \/>\n<meta name=\"twitter:label1\" content=\"Geschatte leestijd\" \/>\n\t<meta name=\"twitter:data1\" content=\"2 minuten\" \/>\n<script type=\"application\/ld+json\" class=\"yoast-schema-graph\">{\"@context\":\"https:\\\/\\\/schema.org\",\"@graph\":[{\"@type\":\"WebPage\",\"@id\":\"https:\\\/\\\/liefdevolafstemmen.nl\\\/index.php\\\/luisterkind-in-de-zorg-voor-mensen-met-dementie\\\/\",\"url\":\"https:\\\/\\\/liefdevolafstemmen.nl\\\/index.php\\\/luisterkind-in-de-zorg-voor-mensen-met-dementie\\\/\",\"name\":\"Luisterkind in de zorg voor mensen met dementie - Liefdevolafstemmen\",\"isPartOf\":{\"@id\":\"https:\\\/\\\/liefdevolafstemmen.nl\\\/#website\"},\"primaryImageOfPage\":{\"@id\":\"https:\\\/\\\/liefdevolafstemmen.nl\\\/index.php\\\/luisterkind-in-de-zorg-voor-mensen-met-dementie\\\/#primaryimage\"},\"image\":{\"@id\":\"https:\\\/\\\/liefdevolafstemmen.nl\\\/index.php\\\/luisterkind-in-de-zorg-voor-mensen-met-dementie\\\/#primaryimage\"},\"thumbnailUrl\":\"https:\\\/\\\/liefdevolafstemmen.nl\\\/wp-content\\\/uploads\\\/2023\\\/12\\\/download-logo-sensire.png\",\"datePublished\":\"2023-12-13T19:18:14+00:00\",\"dateModified\":\"2024-03-15T18:09:29+00:00\",\"description\":\"Luisterkindwerker voor mensen met dementie\",\"breadcrumb\":{\"@id\":\"https:\\\/\\\/liefdevolafstemmen.nl\\\/index.php\\\/luisterkind-in-de-zorg-voor-mensen-met-dementie\\\/#breadcrumb\"},\"inLanguage\":\"nl-NL\",\"potentialAction\":[{\"@type\":\"ReadAction\",\"target\":[\"https:\\\/\\\/liefdevolafstemmen.nl\\\/index.php\\\/luisterkind-in-de-zorg-voor-mensen-met-dementie\\\/\"]}]},{\"@type\":\"ImageObject\",\"inLanguage\":\"nl-NL\",\"@id\":\"https:\\\/\\\/liefdevolafstemmen.nl\\\/index.php\\\/luisterkind-in-de-zorg-voor-mensen-met-dementie\\\/#primaryimage\",\"url\":\"https:\\\/\\\/liefdevolafstemmen.nl\\\/wp-content\\\/uploads\\\/2023\\\/12\\\/download-logo-sensire.png\",\"contentUrl\":\"https:\\\/\\\/liefdevolafstemmen.nl\\\/wp-content\\\/uploads\\\/2023\\\/12\\\/download-logo-sensire.png\",\"width\":204,\"height\":192},{\"@type\":\"BreadcrumbList\",\"@id\":\"https:\\\/\\\/liefdevolafstemmen.nl\\\/index.php\\\/luisterkind-in-de-zorg-voor-mensen-met-dementie\\\/#breadcrumb\",\"itemListElement\":[{\"@type\":\"ListItem\",\"position\":1,\"name\":\"Home\",\"item\":\"https:\\\/\\\/liefdevolafstemmen.nl\\\/\"},{\"@type\":\"ListItem\",\"position\":2,\"name\":\"Luisterkind in de zorg voor mensen met dementie\"}]},{\"@type\":\"WebSite\",\"@id\":\"https:\\\/\\\/liefdevolafstemmen.nl\\\/#website\",\"url\":\"https:\\\/\\\/liefdevolafstemmen.nl\\\/\",\"name\":\"Liefdevolafstemmen\",\"description\":\"luisterkindwerker luisterkind afstemmingen liefdevol afstemmen\",\"publisher\":{\"@id\":\"https:\\\/\\\/liefdevolafstemmen.nl\\\/#organization\"},\"inLanguage\":\"nl-NL\"},{\"@type\":\"Organization\",\"@id\":\"https:\\\/\\\/liefdevolafstemmen.nl\\\/#organization\",\"name\":\"Liefdevolafstemmen\",\"url\":\"https:\\\/\\\/liefdevolafstemmen.nl\\\/\",\"logo\":{\"@type\":\"ImageObject\",\"inLanguage\":\"nl-NL\",\"@id\":\"https:\\\/\\\/liefdevolafstemmen.nl\\\/#\\\/schema\\\/logo\\\/image\\\/\",\"url\":\"https:\\\/\\\/liefdevolafstemmen.nl\\\/wp-content\\\/uploads\\\/2022\\\/02\\\/400JpgdpiLogo-2-scaled-e1645371340628.jpg\",\"contentUrl\":\"https:\\\/\\\/liefdevolafstemmen.nl\\\/wp-content\\\/uploads\\\/2022\\\/02\\\/400JpgdpiLogo-2-scaled-e1645371340628.jpg\",\"width\":500,\"height\":302,\"caption\":\"Liefdevolafstemmen\"},\"image\":{\"@id\":\"https:\\\/\\\/liefdevolafstemmen.nl\\\/#\\\/schema\\\/logo\\\/image\\\/\"}}]}<\/script>","yoast_head_json":{"title":"Luisterkind in de zorg voor mensen met dementie - Liefdevolafstemmen","description":"Luisterkindwerker voor mensen met dementie","robots":{"index":"index","follow":"follow","max-snippet":"max-snippet:-1","max-image-preview":"max-image-preview:large","max-video-preview":"max-video-preview:-1"},"canonical":"https:\/\/liefdevolafstemmen.nl\/index.php\/luisterkind-in-de-zorg-voor-mensen-met-dementie\/","og_locale":"nl_NL","og_type":"article","og_title":"Luisterkind in de zorg voor mensen met dementie - Liefdevolafstemmen","og_description":"Luisterkindwerker voor mensen met dementie","og_url":"https:\/\/liefdevolafstemmen.nl\/index.php\/luisterkind-in-de-zorg-voor-mensen-met-dementie\/","og_site_name":"Liefdevolafstemmen","article_modified_time":"2024-03-15T18:09:29+00:00","og_image":[{"url":"https:\/\/liefdevolafstemmen.nl\/wp-content\/uploads\/2023\/12\/download-logo-sensire.png","type":"","width":"","height":""}],"twitter_card":"summary_large_image","twitter_misc":{"Geschatte leestijd":"2 minuten"},"schema":{"@context":"https:\/\/schema.org","@graph":[{"@type":"WebPage","@id":"https:\/\/liefdevolafstemmen.nl\/index.php\/luisterkind-in-de-zorg-voor-mensen-met-dementie\/","url":"https:\/\/liefdevolafstemmen.nl\/index.php\/luisterkind-in-de-zorg-voor-mensen-met-dementie\/","name":"Luisterkind in de zorg voor mensen met dementie - Liefdevolafstemmen","isPartOf":{"@id":"https:\/\/liefdevolafstemmen.nl\/#website"},"primaryImageOfPage":{"@id":"https:\/\/liefdevolafstemmen.nl\/index.php\/luisterkind-in-de-zorg-voor-mensen-met-dementie\/#primaryimage"},"image":{"@id":"https:\/\/liefdevolafstemmen.nl\/index.php\/luisterkind-in-de-zorg-voor-mensen-met-dementie\/#primaryimage"},"thumbnailUrl":"https:\/\/liefdevolafstemmen.nl\/wp-content\/uploads\/2023\/12\/download-logo-sensire.png","datePublished":"2023-12-13T19:18:14+00:00","dateModified":"2024-03-15T18:09:29+00:00","description":"Luisterkindwerker voor mensen met dementie","breadcrumb":{"@id":"https:\/\/liefdevolafstemmen.nl\/index.php\/luisterkind-in-de-zorg-voor-mensen-met-dementie\/#breadcrumb"},"inLanguage":"nl-NL","potentialAction":[{"@type":"ReadAction","target":["https:\/\/liefdevolafstemmen.nl\/index.php\/luisterkind-in-de-zorg-voor-mensen-met-dementie\/"]}]},{"@type":"ImageObject","inLanguage":"nl-NL","@id":"https:\/\/liefdevolafstemmen.nl\/index.php\/luisterkind-in-de-zorg-voor-mensen-met-dementie\/#primaryimage","url":"https:\/\/liefdevolafstemmen.nl\/wp-content\/uploads\/2023\/12\/download-logo-sensire.png","contentUrl":"https:\/\/liefdevolafstemmen.nl\/wp-content\/uploads\/2023\/12\/download-logo-sensire.png","width":204,"height":192},{"@type":"BreadcrumbList","@id":"https:\/\/liefdevolafstemmen.nl\/index.php\/luisterkind-in-de-zorg-voor-mensen-met-dementie\/#breadcrumb","itemListElement":[{"@type":"ListItem","position":1,"name":"Home","item":"https:\/\/liefdevolafstemmen.nl\/"},{"@type":"ListItem","position":2,"name":"Luisterkind in de zorg voor mensen met dementie"}]},{"@type":"WebSite","@id":"https:\/\/liefdevolafstemmen.nl\/#website","url":"https:\/\/liefdevolafstemmen.nl\/","name":"Liefdevolafstemmen","description":"luisterkindwerker luisterkind afstemmingen liefdevol afstemmen","publisher":{"@id":"https:\/\/liefdevolafstemmen.nl\/#organization"},"inLanguage":"nl-NL"},{"@type":"Organization","@id":"https:\/\/liefdevolafstemmen.nl\/#organization","name":"Liefdevolafstemmen","url":"https:\/\/liefdevolafstemmen.nl\/","logo":{"@type":"ImageObject","inLanguage":"nl-NL","@id":"https:\/\/liefdevolafstemmen.nl\/#\/schema\/logo\/image\/","url":"https:\/\/liefdevolafstemmen.nl\/wp-content\/uploads\/2022\/02\/400JpgdpiLogo-2-scaled-e1645371340628.jpg","contentUrl":"https:\/\/liefdevolafstemmen.nl\/wp-content\/uploads\/2022\/02\/400JpgdpiLogo-2-scaled-e1645371340628.jpg","width":500,"height":302,"caption":"Liefdevolafstemmen"},"image":{"@id":"https:\/\/liefdevolafstemmen.nl\/#\/schema\/logo\/image\/"}}]}},"_links":{"self":[{"href":"https:\/\/liefdevolafstemmen.nl\/index.php\/wp-json\/wp\/v2\/pages\/765","targetHints":{"allow":["GET"]}}],"collection":[{"href":"https:\/\/liefdevolafstemmen.nl\/index.php\/wp-json\/wp\/v2\/pages"}],"about":[{"href":"https:\/\/liefdevolafstemmen.nl\/index.php\/wp-json\/wp\/v2\/types\/page"}],"author":[{"embeddable":true,"href":"https:\/\/liefdevolafstemmen.nl\/index.php\/wp-json\/wp\/v2\/users\/1"}],"replies":[{"embeddable":true,"href":"https:\/\/liefdevolafstemmen.nl\/index.php\/wp-json\/wp\/v2\/comments?post=765"}],"version-history":[{"count":10,"href":"https:\/\/liefdevolafstemmen.nl\/index.php\/wp-json\/wp\/v2\/pages\/765\/revisions"}],"predecessor-version":[{"id":832,"href":"https:\/\/liefdevolafstemmen.nl\/index.php\/wp-json\/wp\/v2\/pages\/765\/revisions\/832"}],"wp:attachment":[{"href":"https:\/\/liefdevolafstemmen.nl\/index.php\/wp-json\/wp\/v2\/media?parent=765"}],"curies":[{"name":"wp","href":"https:\/\/api.w.org\/{rel}","templated":true}]}}